{"id":261980,"date":"2024-11-07T05:55:24","date_gmt":"2024-11-07T13:55:24","guid":{"rendered":"https:\/\/worldimagingnews.com\/?post_type=tribe_events&#038;p=261980"},"modified":"2026-02-25T19:48:45","modified_gmt":"2026-02-26T03:48:45","slug":"fespa-berlin-allemagne","status":"publish","type":"tribe_events","link":"https:\/\/worldimagingnews.com\/fr\/event\/fespa-berlin-germany\/","title":{"rendered":"FESPA - Berlin, Allemagne"},"content":{"rendered":"<div class=\"sub-info\">\n<p>Selon la FESPA, \"l'\u00e9v\u00e9nement est le principal salon europ\u00e9en de la s\u00e9rigraphie, de l'impression num\u00e9rique, de l'impression grand format et de l'impression textile. Des centaines d'exposants pr\u00e9senteront leurs derni\u00e8res innovations et lancements de produits pour les applications graphiques, d\u00e9coratives, d'emballage, industrielles et textiles.<\/p>\n<\/div>\n<div><\/div>\n<div><\/div>","protected":false},"excerpt":{"rendered":"<p>Selon la FESPA, \"l'\u00e9v\u00e9nement est le principal salon europ\u00e9en de la s\u00e9rigraphie, de l'impression num\u00e9rique, de l'impression grand format et de l'impression textile. Des centaines d'exposants pr\u00e9senteront leurs derni\u00e8res innovations et lancements de produits...<\/p>","protected":false},"author":1,"featured_media":0,"template":"","meta":{"_lmt_disableupdate":"no","_lmt_disable":"","cybocfi_hide_featured_image":"","_tribe_events_status":"","_tribe_events_status_reason":"","footnotes":""},"tags":[],"tribe_events_cat":[],"class_list":["post-261980","tribe_events","type-tribe_events","status-publish","hentry"],"_links":{"self":[{"href":"https:\/\/worldimagingnews.com\/fr\/wp-json\/wp\/v2\/tribe_events\/261980","targetHints":{"allow":["GET"]}}],"collection":[{"href":"https:\/\/worldimagingnews.com\/fr\/wp-json\/wp\/v2\/tribe_events"}],"about":[{"href":"https:\/\/worldimagingnews.com\/fr\/wp-json\/wp\/v2\/types\/tribe_events"}],"author":[{"embeddable":true,"href":"https:\/\/worldimagingnews.com\/fr\/wp-json\/wp\/v2\/users\/1"}],"version-history":[{"count":3,"href":"https:\/\/worldimagingnews.com\/fr\/wp-json\/wp\/v2\/tribe_events\/261980\/revisions"}],"predecessor-version":[{"id":261987,"href":"https:\/\/worldimagingnews.com\/fr\/wp-json\/wp\/v2\/tribe_events\/261980\/revisions\/261987"}],"wp:attachment":[{"href":"https:\/\/worldimagingnews.com\/fr\/wp-json\/wp\/v2\/media?parent=261980"}],"wp:term":[{"taxonomy":"post_tag","embeddable":true,"href":"https:\/\/worldimagingnews.com\/fr\/wp-json\/wp\/v2\/tags?post=261980"},{"taxonomy":"tribe_events_cat","embeddable":true,"href":"https:\/\/worldimagingnews.com\/fr\/wp-json\/wp\/v2\/tribe_events_cat?post=261980"}],"curies":[{"name":"wp","href":"https:\/\/api.w.org\/{rel}","templated":true}]}}