{"id":19191,"date":"2024-02-07T12:59:27","date_gmt":"2024-02-07T20:59:27","guid":{"rendered":"https:\/\/worldimagingnews.com\/?page_id=19191"},"modified":"2024-08-13T14:25:28","modified_gmt":"2024-08-13T21:25:28","slug":"calendriers","status":"publish","type":"page","link":"https:\/\/worldimagingnews.com\/fr\/calendars\/","title":{"rendered":"Calendriers"},"content":{"rendered":"<div data-elementor-type=\"wp-page\" data-elementor-id=\"19191\" class=\"elementor elementor-19191\" data-elementor-post-type=\"page\">\n\t\t\t\t<div class=\"elementor-element elementor-element-f437a65 e-flex e-con-boxed e-con e-parent\" data-id=\"f437a65\" data-element_type=\"container\" data-e-type=\"container\">\n\t\t\t\t\t<div class=\"e-con-inner\">\n\t\t\t\t<div class=\"elementor-element elementor-element-fa3922a elementor-widget elementor-widget-penci-latest-posts\" data-id=\"fa3922a\" data-element_type=\"widget\" data-e-type=\"widget\" data-widget_type=\"penci-latest-posts.default\">\n\t\t\t\t<div class=\"elementor-widget-container\">\n\t\t\t\t\t                <div id=\"pencilatest_posts_98765\" class=\"penci-latest-posts-sc penci-latest-posts-grid penci-latest-posts-el penci-el-mixed-s1 penci-std-continue-center penci-std-excerpt-center penci-grid-excerpt-left\">\n\t\t\t\t\t\t\t\t\t\t\t                        <div class=\"penci-border-arrow penci-homepage-title penci-home-latest-posts style-7 pcalign-left pciconp-right pcicon-right\">\n                            <h3 class=\"inner-arrow\">\n                                <span>\n\t\t\t\t\t\t\t\t<span>calendriers<\/span>                                <\/span>\n                            <\/h3>\n\t\t\t\t\t\t\t                        <\/div>\n\t\t\t\t\t                    <div class=\"penci-wrapper-posts-ajax\">\n\n                        <div class=\"penci-wrapper-posts-content pwid-default\">\n\n\t\t\t\t\t\t\t\t\t\t\t\t\t\t\t                                <ul data-cols=\"3\" data-tcols=\"3\" data-mcols=\"2\" data-layout=\"grid\"\n                                    class=\"has-d-cols has-t-cols has-m-cols penci-wrapper-data penci-grid penci-shortcode-render\">\t\t\t\t\t\t\t\t\t\t\t\t\t\t\t\t\t\t\t\t\t\t\t\t\t\t\t\t\t<li class=\"grid-style\">\n    <article id=\"post-265017\" class=\"item hentry\">\n\t\t            <div class=\"thumbnail\">\n\t\t\t\t\t\t\t\t                    <a class=\"penci-image-holder penci-lazy\" data-bgset=\"https:\/\/worldimagingnews.com\/wp-content\/uploads\/2025\/10\/Klieverik-GTC101-3500-585x390.png\" href=\"https:\/\/worldimagingnews.com\/fr\/klieverik-brings-live-sublimation-printing-to-printing-united-expo-2025\/\" title=\"Klieverik Brings Live Sublimation Printing to PRINTING United Expo 2025\">\n                    <\/a>\n\t\t\t\t\n\t\t\t\t\t\t\t\t\t\t\t\t\t\t\t\t\t\t\t\t\t\t\t\t\t\t\t\t\t\t\t\t\t            <\/div>\n\t\t\n        <div class=\"grid-header-box\">\n\t\t\t                <span class=\"cat\"><a style=\"\" class=\"penci-cat-name penci-cat-37\" href=\"https:\/\/worldimagingnews.com\/fr\/category\/finishing\/calendars\/\" rel=\"category tag\"><span style=\"\">Calendriers<\/span><\/a><\/span>\n\t\t\t\n            <h2 class=\"penci-entry-title entry-title grid-title penci_grid_title_df\"><a href=\"https:\/\/worldimagingnews.com\/fr\/klieverik-brings-live-sublimation-printing-to-printing-united-expo-2025\/\">Klieverik Brings Live Sublimation Printing to PRINTING United Expo 2025<\/a>\n            <\/h2>\n\t\t\t\t\t\t\t\t<div class=\"penci-hide-tagupdated\">\n\t\t\t<span class=\"author-italic author vcard\">by \t\t\t\t\t\t\t\t\t\t<a class=\"author-url url fn n\" href=\"https:\/\/worldimagingnews.com\/fr\/author\/dan\/\">Personnel<\/a>\t\t\t\t\t\t\t\t\t<\/span>\n\t\t\t<time class=\"entry-date published\" datetime=\"2025-10-07T10:31:18-07:00\">10\/07\/2025<\/time>\t\t<\/div>\n\t\t\t\t\t\t                <div class=\"grid-post-box-meta\">\n\t\t\t\t\t\t\t\t\t\t                        <span class=\"otherl-date-author author-italic author vcard\">by                                 <a class=\"author-url url fn n\" href=\"https:\/\/worldimagingnews.com\/fr\/author\/dan\/\">Personnel<\/a>\t\t\t\t\t\t\t<\/span>\n\t\t\t\t\t\t\t\t\t\t                        <span class=\"otherl-date\"><time class=\"entry-date published\" datetime=\"2025-10-07T10:31:18-07:00\">10\/07\/2025<\/time><\/span>\n\t\t\t\t\t\t\t\t\t\t\t\t\t\t\t\t\t\t\t\t\t\t\t\t\t\t\t\t\t\t                <\/div>\n\t\t\t        <\/div>\n\n\t\t            <div class=\"item-content entry-content\">\n\t\t\t\t<p>See the GTC101-3500 calender in action at Booth No. 1548 Orlando | Florida \u2014 October 2025 \u2014 Klieverik, a leader in precision textile finishing, is set to impress at PRINTING &#8230;<\/p>\n            <\/div>\n\t\t\n\t\t\n\t\t            <div class=\"penci-post-box-meta penci-post-box-grid\">\n                <div class=\"penci-post-share-box\">\n\t\t\t\t\t<a href=\"#\" class=\"penci-post-like\" aria-label=\"Aimer cet article\" data-post_id=\"265017\" title=\"Like\" data-like=\"Like\" data-unlike=\"Unlike\"><i class=\"penci-faicon fa fa-heart-o\" ><\/i><span class=\"dt-share\">0<\/span><\/a>\t\t\t\t\t<a class=\"new-ver-share post-share-item post-share-facebook\" aria-label=\"Partager sur Facebook\" target=\"_blank\" rel=\"noreferrer\" href=\"https:\/\/www.facebook.com\/sharer\/sharer.php?u=https:\/\/worldimagingnews.com\/fr\/klieverik-brings-live-sublimation-printing-to-printing-united-expo-2025\/\"><i class=\"penci-faicon fa fa-facebook\" ><\/i><span class=\"dt-share\">Facebook<\/span><\/a><a class=\"new-ver-share post-share-item post-share-twitter\" aria-label=\"Partager sur Twitter\" target=\"_blank\" rel=\"noreferrer\" href=\"https:\/\/x.com\/intent\/tweet?text=Check%20out%20this%20article:%20Klieverik%20Brings%20Live%20Sublimation%20Printing%20to%20PRINTING%20United%20Expo%202025%20-%20https:\/\/worldimagingnews.com\/fr\/klieverik-brings-live-sublimation-printing-to-printing-united-expo-2025\/\"><i class=\"penci-faicon penciicon-x-twitter\" ><\/i><span class=\"dt-share\">Twitter<\/span><\/a><a class=\"new-ver-share post-share-item post-share-pinterest\" aria-label=\"\u00c9pingler sur Pinterest\" data-pin-do=\"none\" rel=\"noreferrer\" target=\"_blank\" href=\"https:\/\/www.pinterest.com\/pin\/create\/button\/?url=https%3A%2F%2Fworldimagingnews.com%2Ffr%2Fklieverik-brings-live-sublimation-printing-to-printing-united-expo-2025%2F&amp;media=https%3A%2F%2Fworldimagingnews.com%2Fwp-content%2Fuploads%2F2025%2F10%2FKlieverik-GTC101-3500-scaled.png&amp;description=Klieverik+Brings+Live+Sublimation+Printing+to+PRINTING+United+Expo+2025\"><i class=\"penci-faicon fa fa-pinterest\" ><\/i><span class=\"dt-share\">Pinterest<\/span><\/a><a class=\"new-ver-share post-share-item post-share-linkedin\" aria-label=\"Partager sur LinkedIn\" target=\"_blank\" rel=\"noreferrer\" href=\"https:\/\/www.linkedin.com\/shareArticle?mini=true&#038;url=https%3A%2F%2Fworldimagingnews.com%2Ffr%2Fklieverik-brings-live-sublimation-printing-to-printing-united-expo-2025%2F&#038;title=Klieverik%20Brings%20Live%20Sublimation%20Printing%20to%20PRINTING%20United%20Expo%202025\"><i class=\"penci-faicon fa fa-linkedin\" ><\/i><span class=\"dt-share\">Linkedin<\/span><\/a><a class=\"new-ver-share post-share-item post-share-tumblr\" aria-label=\"Partager sur Tumblr\" target=\"_blank\" rel=\"noreferrer\" href=\"https:\/\/www.tumblr.com\/share\/link?url=https%3A%2F%2Fworldimagingnews.com%2Ffr%2Fklieverik-brings-live-sublimation-printing-to-printing-united-expo-2025%2F&#038;name=Klieverik%20Brings%20Live%20Sublimation%20Printing%20to%20PRINTING%20United%20Expo%202025\"><i class=\"penci-faicon fa fa-tumblr\" ><\/i><span class=\"dt-share\">Tumblr<\/span><\/a><a class=\"new-ver-share post-share-item post-share-email\" target=\"_blank\" aria-label=\"Partager par e-mail\"  rel=\"noreferrer\" href=\"mailto:?subject=Klieverik%20Brings%20Live%20Sublimation%20Printing%20to%20PRINTING%20United%20Expo%202025&#038;BODY=https:\/\/worldimagingnews.com\/fr\/klieverik-brings-live-sublimation-printing-to-printing-united-expo-2025\/\"><i class=\"penci-faicon fa fa-envelope\" ><\/i><span class=\"dt-share\">Courriel<\/span><\/a>                <\/div>\n            <\/div>\n\t\t    <\/article>\n<\/li>\n<li class=\"grid-style\">\n    <article id=\"post-263745\" class=\"item hentry\">\n\t\t            <div class=\"thumbnail\">\n\t\t\t\t\t\t\t\t                    <a class=\"penci-image-holder penci-lazy\" data-bgset=\"https:\/\/worldimagingnews.com\/wp-content\/uploads\/2025\/04\/EXT-Logo-2-585x390.png\" href=\"https:\/\/worldimagingnews.com\/fr\/ext-fabrics-to-showcase-innovative-textile-solutions-at-isa-sign-expo-2025\/\" title=\"EXT Fabrics to Showcase Innovative Textile Solutions at ISA Sign Expo 2025\">\n                    <\/a>\n\t\t\t\t\n\t\t\t\t\t\t\t\t\t\t\t\t\t\t\t\t\t\t\t\t\t\t\t\t\t\t\t\t\t\t\t\t\t            <\/div>\n\t\t\n        <div class=\"grid-header-box\">\n\t\t\t                <span class=\"cat\"><a style=\"\" class=\"penci-cat-name penci-cat-37\" href=\"https:\/\/worldimagingnews.com\/fr\/category\/finishing\/calendars\/\" rel=\"category tag\"><span style=\"\">Calendriers<\/span><\/a><a style=\"\" class=\"penci-cat-name penci-cat-91\" href=\"https:\/\/worldimagingnews.com\/fr\/category\/exhibitions-events\/domestic-international\/\" rel=\"category tag\"><span style=\"\">National - International<\/span><\/a><a style=\"\" class=\"penci-cat-name penci-cat-26\" href=\"https:\/\/worldimagingnews.com\/fr\/category\/consumables\/fabrics\/\" rel=\"category tag\"><span style=\"\">Tissus<\/span><\/a><\/span>\n\t\t\t\n            <h2 class=\"penci-entry-title entry-title grid-title penci_grid_title_df\"><a href=\"https:\/\/worldimagingnews.com\/fr\/ext-fabrics-to-showcase-innovative-textile-solutions-at-isa-sign-expo-2025\/\">EXT Fabrics to Showcase Innovative Textile Solutions at ISA Sign Expo 2025<\/a>\n            <\/h2>\n\t\t\t\t\t\t\t\t<div class=\"penci-hide-tagupdated\">\n\t\t\t<span class=\"author-italic author vcard\">by \t\t\t\t\t\t\t\t\t\t<a class=\"author-url url fn n\" href=\"https:\/\/worldimagingnews.com\/fr\/author\/dan\/\">Personnel<\/a>\t\t\t\t\t\t\t\t\t<\/span>\n\t\t\t<time class=\"entry-date published\" datetime=\"2025-04-14T14:40:04-07:00\">04\/14\/2025<\/time>\t\t<\/div>\n\t\t\t\t\t\t                <div class=\"grid-post-box-meta\">\n\t\t\t\t\t\t\t\t\t\t                        <span class=\"otherl-date-author author-italic author vcard\">by                                 <a class=\"author-url url fn n\" href=\"https:\/\/worldimagingnews.com\/fr\/author\/dan\/\">Personnel<\/a>\t\t\t\t\t\t\t<\/span>\n\t\t\t\t\t\t\t\t\t\t                        <span class=\"otherl-date\"><time class=\"entry-date published\" datetime=\"2025-04-14T14:40:04-07:00\">04\/14\/2025<\/time><\/span>\n\t\t\t\t\t\t\t\t\t\t\t\t\t\t\t\t\t\t\t\t\t\t\t\t\t\t\t\t\t\t                <\/div>\n\t\t\t        <\/div>\n\n\t\t            <div class=\"item-content entry-content\">\n\t\t\t\t<p>SANTA ANA &#8211; April 2025 &#8211; \u00a0EXT Fabrics, a leading provider of large-format digital print solutions specializing in the dye sublimation industry, is excited to announce its participation at the &#8230;<\/p>\n            <\/div>\n\t\t\n\t\t\n\t\t            <div class=\"penci-post-box-meta penci-post-box-grid\">\n                <div class=\"penci-post-share-box\">\n\t\t\t\t\t<a href=\"#\" class=\"penci-post-like\" aria-label=\"Aimer cet article\" data-post_id=\"263745\" title=\"Like\" data-like=\"Like\" data-unlike=\"Unlike\"><i class=\"penci-faicon fa fa-heart-o\" ><\/i><span class=\"dt-share\">0<\/span><\/a>\t\t\t\t\t<a class=\"new-ver-share post-share-item post-share-facebook\" aria-label=\"Partager sur Facebook\" target=\"_blank\" rel=\"noreferrer\" href=\"https:\/\/www.facebook.com\/sharer\/sharer.php?u=https:\/\/worldimagingnews.com\/fr\/ext-fabrics-to-showcase-innovative-textile-solutions-at-isa-sign-expo-2025\/\"><i class=\"penci-faicon fa fa-facebook\" ><\/i><span class=\"dt-share\">Facebook<\/span><\/a><a class=\"new-ver-share post-share-item post-share-twitter\" aria-label=\"Partager sur Twitter\" target=\"_blank\" rel=\"noreferrer\" href=\"https:\/\/x.com\/intent\/tweet?text=Check%20out%20this%20article:%20EXT%20Fabrics%20to%20Showcase%20Innovative%20Textile%20Solutions%20at%20ISA%20Sign%20Expo%202025%20-%20https:\/\/worldimagingnews.com\/fr\/ext-fabrics-to-showcase-innovative-textile-solutions-at-isa-sign-expo-2025\/\"><i class=\"penci-faicon penciicon-x-twitter\" ><\/i><span class=\"dt-share\">Twitter<\/span><\/a><a class=\"new-ver-share post-share-item post-share-pinterest\" aria-label=\"\u00c9pingler sur Pinterest\" data-pin-do=\"none\" rel=\"noreferrer\" target=\"_blank\" href=\"https:\/\/www.pinterest.com\/pin\/create\/button\/?url=https%3A%2F%2Fworldimagingnews.com%2Ffr%2Fext-fabrics-to-showcase-innovative-textile-solutions-at-isa-sign-expo-2025%2F&amp;media=https%3A%2F%2Fworldimagingnews.com%2Fwp-content%2Fuploads%2F2025%2F04%2FEXT-Logo-2.png&amp;description=EXT+Fabrics+to+Showcase+Innovative+Textile+Solutions+at+ISA+Sign+Expo+2025\"><i class=\"penci-faicon fa fa-pinterest\" ><\/i><span class=\"dt-share\">Pinterest<\/span><\/a><a class=\"new-ver-share post-share-item post-share-linkedin\" aria-label=\"Partager sur LinkedIn\" target=\"_blank\" rel=\"noreferrer\" href=\"https:\/\/www.linkedin.com\/shareArticle?mini=true&#038;url=https%3A%2F%2Fworldimagingnews.com%2Ffr%2Fext-fabrics-to-showcase-innovative-textile-solutions-at-isa-sign-expo-2025%2F&#038;title=EXT%20Fabrics%20to%20Showcase%20Innovative%20Textile%20Solutions%20at%20ISA%20Sign%20Expo%202025\"><i class=\"penci-faicon fa fa-linkedin\" ><\/i><span class=\"dt-share\">Linkedin<\/span><\/a><a class=\"new-ver-share post-share-item post-share-tumblr\" aria-label=\"Partager sur Tumblr\" target=\"_blank\" rel=\"noreferrer\" href=\"https:\/\/www.tumblr.com\/share\/link?url=https%3A%2F%2Fworldimagingnews.com%2Ffr%2Fext-fabrics-to-showcase-innovative-textile-solutions-at-isa-sign-expo-2025%2F&#038;name=EXT%20Fabrics%20to%20Showcase%20Innovative%20Textile%20Solutions%20at%20ISA%20Sign%20Expo%202025\"><i class=\"penci-faicon fa fa-tumblr\" ><\/i><span class=\"dt-share\">Tumblr<\/span><\/a><a class=\"new-ver-share post-share-item post-share-email\" target=\"_blank\" aria-label=\"Partager par e-mail\"  rel=\"noreferrer\" href=\"mailto:?subject=EXT%20Fabrics%20to%20Showcase%20Innovative%20Textile%20Solutions%20at%20ISA%20Sign%20Expo%202025&#038;BODY=https:\/\/worldimagingnews.com\/fr\/ext-fabrics-to-showcase-innovative-textile-solutions-at-isa-sign-expo-2025\/\"><i class=\"penci-faicon fa fa-envelope\" ><\/i><span class=\"dt-share\">Courriel<\/span><\/a>                <\/div>\n            <\/div>\n\t\t    <\/article>\n<\/li>\n<li class=\"grid-style\">\n    <article id=\"post-262642\" class=\"item hentry\">\n\t\t            <div class=\"thumbnail\">\n\t\t\t\t\t\t\t\t                    <a class=\"penci-image-holder penci-lazy\" data-bgset=\"https:\/\/worldimagingnews.com\/wp-content\/uploads\/2024\/12\/DS170.png\" href=\"https:\/\/worldimagingnews.com\/fr\/cutworx-usa-introduces-flexa-ds170-calender\/\" title=\"CUTWORX USA pr\u00e9sente la calandre Flexa X-Pro DS170\">\n                    <\/a>\n\t\t\t\t\n\t\t\t\t\t\t\t\t\t\t\t\t\t\t\t\t\t\t\t\t\t\t\t\t\t\t\t\t\t\t\t\t\t            <\/div>\n\t\t\n        <div class=\"grid-header-box\">\n\t\t\t                <span class=\"cat\"><a style=\"\" class=\"penci-cat-name penci-cat-37\" href=\"https:\/\/worldimagingnews.com\/fr\/category\/finishing\/calendars\/\" rel=\"category tag\"><span style=\"\">Calendriers<\/span><\/a><a style=\"\" class=\"penci-cat-name penci-cat-807\" href=\"https:\/\/worldimagingnews.com\/fr\/category\/featured-news\/\" rel=\"category tag\"><span style=\"\">Actualit\u00e9s<\/span><\/a><\/span>\n\t\t\t\n            <h2 class=\"penci-entry-title entry-title grid-title penci_grid_title_df\"><a href=\"https:\/\/worldimagingnews.com\/fr\/cutworx-usa-introduces-flexa-ds170-calender\/\">CUTWORX USA pr\u00e9sente la calandre Flexa X-Pro DS170<\/a>\n            <\/h2>\n\t\t\t\t\t\t\t\t<div class=\"penci-hide-tagupdated\">\n\t\t\t<span class=\"author-italic author vcard\">by \t\t\t\t\t\t\t\t\t\t<a class=\"author-url url fn n\" href=\"https:\/\/worldimagingnews.com\/fr\/author\/dan\/\">Personnel<\/a>\t\t\t\t\t\t\t\t\t<\/span>\n\t\t\t<time class=\"entry-date published\" datetime=\"2024-12-18T10:16:44-08:00\">12\/18\/2024<\/time>\t\t<\/div>\n\t\t\t\t\t\t                <div class=\"grid-post-box-meta\">\n\t\t\t\t\t\t\t\t\t\t                        <span class=\"otherl-date-author author-italic author vcard\">by                                 <a class=\"author-url url fn n\" href=\"https:\/\/worldimagingnews.com\/fr\/author\/dan\/\">Personnel<\/a>\t\t\t\t\t\t\t<\/span>\n\t\t\t\t\t\t\t\t\t\t                        <span class=\"otherl-date\"><time class=\"entry-date published\" datetime=\"2024-12-18T10:16:44-08:00\">12\/18\/2024<\/time><\/span>\n\t\t\t\t\t\t\t\t\t\t\t\t\t\t\t\t\t\t\t\t\t\t\t\t\t\t\t\t\t\t                <\/div>\n\t\t\t        <\/div>\n\n\t\t            <div class=\"item-content entry-content\">\n\t\t\t\t<p>IRVING | Texas - D\u00e9cembre 2024 - La Flexa X-Pro DS-170 est une presse \u00e0 chaud pour calandres \u00e0 \u00e9cran tactile, m\u00e9ticuleusement con\u00e7ue et fabriqu\u00e9e en Italie. Elle est d\u00e9sormais disponible chez CUTOWORX USA. ...<\/p>\n            <\/div>\n\t\t\n\t\t\n\t\t            <div class=\"penci-post-box-meta penci-post-box-grid\">\n                <div class=\"penci-post-share-box\">\n\t\t\t\t\t<a href=\"#\" class=\"penci-post-like\" aria-label=\"Aimer cet article\" data-post_id=\"262642\" title=\"Like\" data-like=\"Like\" data-unlike=\"Unlike\"><i class=\"penci-faicon fa fa-heart-o\" ><\/i><span class=\"dt-share\">0<\/span><\/a>\t\t\t\t\t<a class=\"new-ver-share post-share-item post-share-facebook\" aria-label=\"Partager sur Facebook\" target=\"_blank\" rel=\"noreferrer\" href=\"https:\/\/www.facebook.com\/sharer\/sharer.php?u=https:\/\/worldimagingnews.com\/fr\/cutworx-usa-introduces-flexa-ds170-calender\/\"><i class=\"penci-faicon fa fa-facebook\" ><\/i><span class=\"dt-share\">Facebook<\/span><\/a><a class=\"new-ver-share post-share-item post-share-twitter\" aria-label=\"Partager sur Twitter\" target=\"_blank\" rel=\"noreferrer\" href=\"https:\/\/x.com\/intent\/tweet?text=Check%20out%20this%20article:%20CUTWORX%20USA%20Introduces%20Flexa%20X-Pro%20DS170%20Calender%20-%20https:\/\/worldimagingnews.com\/fr\/cutworx-usa-introduces-flexa-ds170-calender\/\"><i class=\"penci-faicon penciicon-x-twitter\" ><\/i><span class=\"dt-share\">Twitter<\/span><\/a><a class=\"new-ver-share post-share-item post-share-pinterest\" aria-label=\"\u00c9pingler sur Pinterest\" data-pin-do=\"none\" rel=\"noreferrer\" target=\"_blank\" href=\"https:\/\/www.pinterest.com\/pin\/create\/button\/?url=https%3A%2F%2Fworldimagingnews.com%2Ffr%2Fcutworx-usa-introduces-flexa-ds170-calender%2F&amp;media=https%3A%2F%2Fworldimagingnews.com%2Fwp-content%2Fuploads%2F2024%2F12%2FDS170.png&amp;description=CUTWORX+USA+Introduces+Flexa+X-Pro+DS170+Calender\"><i class=\"penci-faicon fa fa-pinterest\" ><\/i><span class=\"dt-share\">Pinterest<\/span><\/a><a class=\"new-ver-share post-share-item post-share-linkedin\" aria-label=\"Partager sur LinkedIn\" target=\"_blank\" rel=\"noreferrer\" href=\"https:\/\/www.linkedin.com\/shareArticle?mini=true&#038;url=https%3A%2F%2Fworldimagingnews.com%2Ffr%2Fcutworx-usa-introduces-flexa-ds170-calender%2F&#038;title=CUTWORX%20USA%20Introduces%20Flexa%20X-Pro%20DS170%20Calender\"><i class=\"penci-faicon fa fa-linkedin\" ><\/i><span class=\"dt-share\">Linkedin<\/span><\/a><a class=\"new-ver-share post-share-item post-share-tumblr\" aria-label=\"Partager sur Tumblr\" target=\"_blank\" rel=\"noreferrer\" href=\"https:\/\/www.tumblr.com\/share\/link?url=https%3A%2F%2Fworldimagingnews.com%2Ffr%2Fcutworx-usa-introduces-flexa-ds170-calender%2F&#038;name=CUTWORX%20USA%20Introduces%20Flexa%20X-Pro%20DS170%20Calender\"><i class=\"penci-faicon fa fa-tumblr\" ><\/i><span class=\"dt-share\">Tumblr<\/span><\/a><a class=\"new-ver-share post-share-item post-share-email\" target=\"_blank\" aria-label=\"Partager par e-mail\"  rel=\"noreferrer\" href=\"mailto:?subject=CUTWORX%20USA%20Introduces%20Flexa%20X-Pro%20DS170%20Calender&#038;BODY=https:\/\/worldimagingnews.com\/fr\/cutworx-usa-introduces-flexa-ds170-calender\/\"><i class=\"penci-faicon fa fa-envelope\" ><\/i><span class=\"dt-share\">Courriel<\/span><\/a>                <\/div>\n            <\/div>\n\t\t    <\/article>\n<\/li>\n<li class=\"grid-style\">\n    <article id=\"post-255669\" class=\"item hentry\">\n\t\t            <div class=\"thumbnail\">\n\t\t\t\t\t\t\t\t                    <a class=\"penci-image-holder penci-lazy\" data-bgset=\"https:\/\/worldimagingnews.com\/wp-content\/uploads\/2024\/03\/mimaki-trapis-2_1143x560-ezgif.com-avif-to-webp-converter.webp\" href=\"https:\/\/worldimagingnews.com\/fr\/mimaki-launches-environmentally-conscious-two-step-textile-transfer-printing-solution-trapis\/\" title=\"Mimaki lance la solution d&#039;impression par transfert textile en deux \u00e9tapes TRAPIS, respectueuse de l&#039;environnement\">\n                    <\/a>\n\t\t\t\t\n\t\t\t\t\t\t\t\t\t\t\t\t\t\t\t\t\t\t\t\t\t\t\t\t\t\t\t\t\t\t\t\t\t            <\/div>\n\t\t\n        <div class=\"grid-header-box\">\n\t\t\t                <span class=\"cat\"><a style=\"\" class=\"penci-cat-name penci-cat-37\" href=\"https:\/\/worldimagingnews.com\/fr\/category\/finishing\/calendars\/\" rel=\"category tag\"><span style=\"\">Calendriers<\/span><\/a><a style=\"\" class=\"penci-cat-name penci-cat-8\" href=\"https:\/\/worldimagingnews.com\/fr\/category\/finishing\/\" rel=\"category tag\"><span style=\"\">Finition<\/span><\/a><a style=\"\" class=\"penci-cat-name penci-cat-212\" href=\"https:\/\/worldimagingnews.com\/fr\/category\/printers\/\" rel=\"category tag\"><span style=\"\">Imprimantes<\/span><\/a><a style=\"\" class=\"penci-cat-name penci-cat-349\" href=\"https:\/\/worldimagingnews.com\/fr\/category\/printers\/texile\/\" rel=\"category tag\"><span style=\"\">Texile<\/span><\/a><\/span>\n\t\t\t\n            <h2 class=\"penci-entry-title entry-title grid-title penci_grid_title_df\"><a href=\"https:\/\/worldimagingnews.com\/fr\/mimaki-launches-environmentally-conscious-two-step-textile-transfer-printing-solution-trapis\/\">Mimaki lance la solution d'impression par transfert textile en deux \u00e9tapes TRAPIS, respectueuse de l'environnement<\/a>\n            <\/h2>\n\t\t\t\t\t\t\t\t<div class=\"penci-hide-tagupdated\">\n\t\t\t<span class=\"author-italic author vcard\">by \t\t\t\t\t\t\t\t\t\t<a class=\"author-url url fn n\" href=\"https:\/\/worldimagingnews.com\/fr\/author\/dan\/\">Personnel<\/a>\t\t\t\t\t\t\t\t\t<\/span>\n\t\t\t<time class=\"entry-date published\" datetime=\"2024-03-18T07:27:29-07:00\">03\/18\/2024<\/time>\t\t<\/div>\n\t\t\t\t\t\t                <div class=\"grid-post-box-meta\">\n\t\t\t\t\t\t\t\t\t\t                        <span class=\"otherl-date-author author-italic author vcard\">by                                 <a class=\"author-url url fn n\" href=\"https:\/\/worldimagingnews.com\/fr\/author\/dan\/\">Personnel<\/a>\t\t\t\t\t\t\t<\/span>\n\t\t\t\t\t\t\t\t\t\t                        <span class=\"otherl-date\"><time class=\"entry-date published\" datetime=\"2024-03-18T07:27:29-07:00\">03\/18\/2024<\/time><\/span>\n\t\t\t\t\t\t\t\t\t\t\t\t\t\t\t\t\t\t\t\t\t\t\t\t\t\t\t\t\t\t                <\/div>\n\t\t\t        <\/div>\n\n\t\t            <div class=\"item-content entry-content\">\n\t\t\t\t<p>- Le nouveau syst\u00e8me d'impression textile par transfert de pigments de Mimaki, baptis\u00e9 TRAPIS, permet d'\u00e9conomiser consid\u00e9rablement les eaux us\u00e9es par rapport aux m\u00e9thodes conventionnelles - Cette derni\u00e8re innovation \u00e9largit \u00e9galement les possibilit\u00e9s d'application pour les fournisseurs de services d'impression, ...<\/p>\n            <\/div>\n\t\t\n\t\t\n\t\t            <div class=\"penci-post-box-meta penci-post-box-grid\">\n                <div class=\"penci-post-share-box\">\n\t\t\t\t\t<a href=\"#\" class=\"penci-post-like\" aria-label=\"Aimer cet article\" data-post_id=\"255669\" title=\"Like\" data-like=\"Like\" data-unlike=\"Unlike\"><i class=\"penci-faicon fa fa-heart-o\" ><\/i><span class=\"dt-share\">0<\/span><\/a>\t\t\t\t\t<a class=\"new-ver-share post-share-item post-share-facebook\" aria-label=\"Partager sur Facebook\" target=\"_blank\" rel=\"noreferrer\" href=\"https:\/\/www.facebook.com\/sharer\/sharer.php?u=https:\/\/worldimagingnews.com\/fr\/mimaki-launches-environmentally-conscious-two-step-textile-transfer-printing-solution-trapis\/\"><i class=\"penci-faicon fa fa-facebook\" ><\/i><span class=\"dt-share\">Facebook<\/span><\/a><a class=\"new-ver-share post-share-item post-share-twitter\" aria-label=\"Partager sur Twitter\" target=\"_blank\" rel=\"noreferrer\" href=\"https:\/\/x.com\/intent\/tweet?text=Check%20out%20this%20article:%20Mimaki%20Launches%20Environmentally%20Conscious%2C%20Two-step%20Textile%20Transfer%20Printing%20Solution%20TRAPIS%20-%20https:\/\/worldimagingnews.com\/fr\/mimaki-launches-environmentally-conscious-two-step-textile-transfer-printing-solution-trapis\/\"><i class=\"penci-faicon penciicon-x-twitter\" ><\/i><span class=\"dt-share\">Twitter<\/span><\/a><a class=\"new-ver-share post-share-item post-share-pinterest\" aria-label=\"\u00c9pingler sur Pinterest\" data-pin-do=\"none\" rel=\"noreferrer\" target=\"_blank\" href=\"https:\/\/www.pinterest.com\/pin\/create\/button\/?url=https%3A%2F%2Fworldimagingnews.com%2Ffr%2Fmimaki-launches-environmentally-conscious-two-step-textile-transfer-printing-solution-trapis%2F&amp;media=https%3A%2F%2Fworldimagingnews.com%2Fwp-content%2Fuploads%2F2024%2F03%2Fmimaki-trapis-2_1143x560-ezgif.com-avif-to-webp-converter.webp&amp;description=Mimaki+Launches+Environmentally+Conscious%2C+Two-step+Textile+Transfer+Printing+Solution+TRAPIS\"><i class=\"penci-faicon fa fa-pinterest\" ><\/i><span class=\"dt-share\">Pinterest<\/span><\/a><a class=\"new-ver-share post-share-item post-share-linkedin\" aria-label=\"Partager sur LinkedIn\" target=\"_blank\" rel=\"noreferrer\" href=\"https:\/\/www.linkedin.com\/shareArticle?mini=true&#038;url=https%3A%2F%2Fworldimagingnews.com%2Ffr%2Fmimaki-launches-environmentally-conscious-two-step-textile-transfer-printing-solution-trapis%2F&#038;title=Mimaki%20Launches%20Environmentally%20Conscious%2C%20Two-step%20Textile%20Transfer%20Printing%20Solution%20TRAPIS\"><i class=\"penci-faicon fa fa-linkedin\" ><\/i><span class=\"dt-share\">Linkedin<\/span><\/a><a class=\"new-ver-share post-share-item post-share-tumblr\" aria-label=\"Partager sur Tumblr\" target=\"_blank\" rel=\"noreferrer\" href=\"https:\/\/www.tumblr.com\/share\/link?url=https%3A%2F%2Fworldimagingnews.com%2Ffr%2Fmimaki-launches-environmentally-conscious-two-step-textile-transfer-printing-solution-trapis%2F&#038;name=Mimaki%20Launches%20Environmentally%20Conscious%2C%20Two-step%20Textile%20Transfer%20Printing%20Solution%20TRAPIS\"><i class=\"penci-faicon fa fa-tumblr\" ><\/i><span class=\"dt-share\">Tumblr<\/span><\/a><a class=\"new-ver-share post-share-item post-share-email\" target=\"_blank\" aria-label=\"Partager par e-mail\"  rel=\"noreferrer\" href=\"mailto:?subject=Mimaki%20Launches%20Environmentally%20Conscious,%20Two-step%20Textile%20Transfer%20Printing%20Solution%20TRAPIS&#038;BODY=https:\/\/worldimagingnews.com\/fr\/mimaki-launches-environmentally-conscious-two-step-textile-transfer-printing-solution-trapis\/\"><i class=\"penci-faicon fa fa-envelope\" ><\/i><span class=\"dt-share\">Courriel<\/span><\/a>                <\/div>\n            <\/div>\n\t\t    <\/article>\n<\/li>\n<li class=\"grid-style\">\n    <article id=\"post-255400\" class=\"item hentry\">\n\t\t            <div class=\"thumbnail\">\n\t\t\t\t\t\t\t\t                    <a class=\"penci-image-holder penci-lazy\" data-bgset=\"https:\/\/worldimagingnews.com\/wp-content\/uploads\/2024\/03\/klieverik-gtc-ezgif.com-jpg-to-webp-converter.webp\" href=\"https:\/\/worldimagingnews.com\/fr\/klieverik-to-exhibit-gtc-101-3500-at-fespa-2024\/\" title=\"Klieverik exposera le GTC 101-3500 \u00e0 la FESPA 2024\">\n                    <\/a>\n\t\t\t\t\n\t\t\t\t\t\t\t\t\t\t\t\t\t\t\t\t\t\t\t\t\t\t\t\t\t\t\t\t\t\t\t\t\t            <\/div>\n\t\t\n        <div class=\"grid-header-box\">\n\t\t\t                <span class=\"cat\"><a style=\"\" class=\"penci-cat-name penci-cat-37\" href=\"https:\/\/worldimagingnews.com\/fr\/category\/finishing\/calendars\/\" rel=\"category tag\"><span style=\"\">Calendriers<\/span><\/a><a style=\"\" class=\"penci-cat-name penci-cat-8\" href=\"https:\/\/worldimagingnews.com\/fr\/category\/finishing\/\" rel=\"category tag\"><span style=\"\">Finition<\/span><\/a><\/span>\n\t\t\t\n            <h2 class=\"penci-entry-title entry-title grid-title penci_grid_title_df\"><a href=\"https:\/\/worldimagingnews.com\/fr\/klieverik-to-exhibit-gtc-101-3500-at-fespa-2024\/\">Klieverik exposera le GTC 101-3500 \u00e0 la FESPA 2024<\/a>\n            <\/h2>\n\t\t\t\t\t\t\t\t<div class=\"penci-hide-tagupdated\">\n\t\t\t<span class=\"author-italic author vcard\">by \t\t\t\t\t\t\t\t\t\t<a class=\"author-url url fn n\" href=\"https:\/\/worldimagingnews.com\/fr\/author\/dan\/\">Personnel<\/a>\t\t\t\t\t\t\t\t\t<\/span>\n\t\t\t<time class=\"entry-date published\" datetime=\"2024-03-05T07:21:00-08:00\">03\/05\/2024<\/time>\t\t<\/div>\n\t\t\t\t\t\t                <div class=\"grid-post-box-meta\">\n\t\t\t\t\t\t\t\t\t\t                        <span class=\"otherl-date-author author-italic author vcard\">by                                 <a class=\"author-url url fn n\" href=\"https:\/\/worldimagingnews.com\/fr\/author\/dan\/\">Personnel<\/a>\t\t\t\t\t\t\t<\/span>\n\t\t\t\t\t\t\t\t\t\t                        <span class=\"otherl-date\"><time class=\"entry-date published\" datetime=\"2024-03-05T07:21:00-08:00\">03\/05\/2024<\/time><\/span>\n\t\t\t\t\t\t\t\t\t\t\t\t\t\t\t\t\t\t\t\t\t\t\t\t\t\t\t\t\t\t                <\/div>\n\t\t\t        <\/div>\n\n\t\t            <div class=\"item-content entry-content\">\n\t\t\t\t<p>OLDENZAAL | Pays-Bas - Mars 2024 - Klieverik sera pr\u00e9sent \u00e0 la FESPA Global Print Expo 2024 qui aura lieu du 19 au 22 mars 2024 au RAI d'Amsterdam, aux Pays-Bas. Le ...<\/p>\n            <\/div>\n\t\t\n\t\t\n\t\t            <div class=\"penci-post-box-meta penci-post-box-grid\">\n                <div class=\"penci-post-share-box\">\n\t\t\t\t\t<a href=\"#\" class=\"penci-post-like\" aria-label=\"Aimer cet article\" data-post_id=\"255400\" title=\"Like\" data-like=\"Like\" data-unlike=\"Unlike\"><i class=\"penci-faicon fa fa-heart-o\" ><\/i><span class=\"dt-share\">0<\/span><\/a>\t\t\t\t\t<a class=\"new-ver-share post-share-item post-share-facebook\" aria-label=\"Partager sur Facebook\" target=\"_blank\" rel=\"noreferrer\" href=\"https:\/\/www.facebook.com\/sharer\/sharer.php?u=https:\/\/worldimagingnews.com\/fr\/klieverik-to-exhibit-gtc-101-3500-at-fespa-2024\/\"><i class=\"penci-faicon fa fa-facebook\" ><\/i><span class=\"dt-share\">Facebook<\/span><\/a><a class=\"new-ver-share post-share-item post-share-twitter\" aria-label=\"Partager sur Twitter\" target=\"_blank\" rel=\"noreferrer\" href=\"https:\/\/x.com\/intent\/tweet?text=Check%20out%20this%20article:%20Klieverik%20to%20Exhibit%20GTC%20101-3500%20at%20FESPA%202024%20-%20https:\/\/worldimagingnews.com\/fr\/klieverik-to-exhibit-gtc-101-3500-at-fespa-2024\/\"><i class=\"penci-faicon penciicon-x-twitter\" ><\/i><span class=\"dt-share\">Twitter<\/span><\/a><a class=\"new-ver-share post-share-item post-share-pinterest\" aria-label=\"\u00c9pingler sur Pinterest\" data-pin-do=\"none\" rel=\"noreferrer\" target=\"_blank\" href=\"https:\/\/www.pinterest.com\/pin\/create\/button\/?url=https%3A%2F%2Fworldimagingnews.com%2Ffr%2Fklieverik-to-exhibit-gtc-101-3500-at-fespa-2024%2F&amp;media=https%3A%2F%2Fworldimagingnews.com%2Fwp-content%2Fuploads%2F2024%2F03%2Fklieverik-gtc-ezgif.com-jpg-to-webp-converter.webp&amp;description=Klieverik+to+Exhibit+GTC+101-3500+at+FESPA+2024\"><i class=\"penci-faicon fa fa-pinterest\" ><\/i><span class=\"dt-share\">Pinterest<\/span><\/a><a class=\"new-ver-share post-share-item post-share-linkedin\" aria-label=\"Partager sur LinkedIn\" target=\"_blank\" rel=\"noreferrer\" href=\"https:\/\/www.linkedin.com\/shareArticle?mini=true&#038;url=https%3A%2F%2Fworldimagingnews.com%2Ffr%2Fklieverik-to-exhibit-gtc-101-3500-at-fespa-2024%2F&#038;title=Klieverik%20to%20Exhibit%20GTC%20101-3500%20at%20FESPA%202024\"><i class=\"penci-faicon fa fa-linkedin\" ><\/i><span class=\"dt-share\">Linkedin<\/span><\/a><a class=\"new-ver-share post-share-item post-share-tumblr\" aria-label=\"Partager sur Tumblr\" target=\"_blank\" rel=\"noreferrer\" href=\"https:\/\/www.tumblr.com\/share\/link?url=https%3A%2F%2Fworldimagingnews.com%2Ffr%2Fklieverik-to-exhibit-gtc-101-3500-at-fespa-2024%2F&#038;name=Klieverik%20to%20Exhibit%20GTC%20101-3500%20at%20FESPA%202024\"><i class=\"penci-faicon fa fa-tumblr\" ><\/i><span class=\"dt-share\">Tumblr<\/span><\/a><a class=\"new-ver-share post-share-item post-share-email\" target=\"_blank\" aria-label=\"Partager par e-mail\"  rel=\"noreferrer\" href=\"mailto:?subject=Klieverik%20to%20Exhibit%20GTC%20101-3500%20at%20FESPA%202024&#038;BODY=https:\/\/worldimagingnews.com\/fr\/klieverik-to-exhibit-gtc-101-3500-at-fespa-2024\/\"><i class=\"penci-faicon fa fa-envelope\" ><\/i><span class=\"dt-share\">Courriel<\/span><\/a>                <\/div>\n            <\/div>\n\t\t    <\/article>\n<\/li>\n<li class=\"grid-style\">\n    <article id=\"post-19662\" class=\"item hentry\">\n\t\t            <div class=\"thumbnail\">\n\t\t\t\t\t\t\t\t                    <a class=\"penci-image-holder penci-lazy\" data-bgset=\"https:\/\/worldimagingnews.com\/wp-content\/uploads\/2024\/02\/qb9j927m-ezgif.com-png-to-webp-converter.webp\" href=\"https:\/\/worldimagingnews.com\/fr\/monti-antonio-pigment-calendar-c03rp-1800-for-use-with-coldenhove-paper-introduced\/\" title=\"Lancement du calendrier pigmentaire Monti Antonio C03RP-1800 \u00e0 utiliser avec le papier Coldenhove\">\n                    <\/a>\n\t\t\t\t\n\t\t\t\t\t\t\t\t\t\t\t\t\t\t\t\t\t\t\t\t\t\t\t\t\t\t\t\t\t\t\t\t\t            <\/div>\n\t\t\n        <div class=\"grid-header-box\">\n\t\t\t                <span class=\"cat\"><a style=\"\" class=\"penci-cat-name penci-cat-37\" href=\"https:\/\/worldimagingnews.com\/fr\/category\/finishing\/calendars\/\" rel=\"category tag\"><span style=\"\">Calendriers<\/span><\/a><a style=\"\" class=\"penci-cat-name penci-cat-8\" href=\"https:\/\/worldimagingnews.com\/fr\/category\/finishing\/\" rel=\"category tag\"><span style=\"\">Finition<\/span><\/a><\/span>\n\t\t\t\n            <h2 class=\"penci-entry-title entry-title grid-title penci_grid_title_df\"><a href=\"https:\/\/worldimagingnews.com\/fr\/monti-antonio-pigment-calendar-c03rp-1800-for-use-with-coldenhove-paper-introduced\/\">Lancement du calendrier pigmentaire Monti Antonio C03RP-1800 \u00e0 utiliser avec le papier Coldenhove<\/a>\n            <\/h2>\n\t\t\t\t\t\t\t\t<div class=\"penci-hide-tagupdated\">\n\t\t\t<span class=\"author-italic author vcard\">by \t\t\t\t\t\t\t\t\t\t<a class=\"author-url url fn n\" href=\"https:\/\/worldimagingnews.com\/fr\/author\/dan\/\">Personnel<\/a>\t\t\t\t\t\t\t\t\t<\/span>\n\t\t\t<time class=\"entry-date published\" datetime=\"2024-02-21T05:34:39-08:00\">02\/21\/2024<\/time>\t\t<\/div>\n\t\t\t\t\t\t                <div class=\"grid-post-box-meta\">\n\t\t\t\t\t\t\t\t\t\t                        <span class=\"otherl-date-author author-italic author vcard\">by                                 <a class=\"author-url url fn n\" href=\"https:\/\/worldimagingnews.com\/fr\/author\/dan\/\">Personnel<\/a>\t\t\t\t\t\t\t<\/span>\n\t\t\t\t\t\t\t\t\t\t                        <span class=\"otherl-date\"><time class=\"entry-date published\" datetime=\"2024-02-21T05:34:39-08:00\">02\/21\/2024<\/time><\/span>\n\t\t\t\t\t\t\t\t\t\t\t\t\t\t\t\t\t\t\t\t\t\t\t\t\t\t\t\t\t\t                <\/div>\n\t\t\t        <\/div>\n\n\t\t            <div class=\"item-content entry-content\">\n\t\t\t\t<p>VICENZA | Italie - F\u00e9vrier 2024 - Monti Antonio a r\u00e9cemment lanc\u00e9 son calendrier pigmentaire C03RP-1800 pour tirer parti du papier de transfert num\u00e9rique sp\u00e9cial de Coldenhove pour l'impression d'encres pigmentaires sur un ...<\/p>\n            <\/div>\n\t\t\n\t\t\n\t\t            <div class=\"penci-post-box-meta penci-post-box-grid\">\n                <div class=\"penci-post-share-box\">\n\t\t\t\t\t<a href=\"#\" class=\"penci-post-like\" aria-label=\"Aimer cet article\" data-post_id=\"19662\" title=\"Like\" data-like=\"Like\" data-unlike=\"Unlike\"><i class=\"penci-faicon fa fa-heart-o\" ><\/i><span class=\"dt-share\">0<\/span><\/a>\t\t\t\t\t<a class=\"new-ver-share post-share-item post-share-facebook\" aria-label=\"Partager sur Facebook\" target=\"_blank\" rel=\"noreferrer\" href=\"https:\/\/www.facebook.com\/sharer\/sharer.php?u=https:\/\/worldimagingnews.com\/fr\/monti-antonio-pigment-calendar-c03rp-1800-for-use-with-coldenhove-paper-introduced\/\"><i class=\"penci-faicon fa fa-facebook\" ><\/i><span class=\"dt-share\">Facebook<\/span><\/a><a class=\"new-ver-share post-share-item post-share-twitter\" aria-label=\"Partager sur Twitter\" target=\"_blank\" rel=\"noreferrer\" href=\"https:\/\/x.com\/intent\/tweet?text=Check%20out%20this%20article:%20Monti%20Antonio%20Pigment%20Calendar%20C03RP-1800%20for%20Use%20with%20Coldenhove%20Paper%20Introduced%20-%20https:\/\/worldimagingnews.com\/fr\/monti-antonio-pigment-calendar-c03rp-1800-for-use-with-coldenhove-paper-introduced\/\"><i class=\"penci-faicon penciicon-x-twitter\" ><\/i><span class=\"dt-share\">Twitter<\/span><\/a><a class=\"new-ver-share post-share-item post-share-pinterest\" aria-label=\"\u00c9pingler sur Pinterest\" data-pin-do=\"none\" rel=\"noreferrer\" target=\"_blank\" href=\"https:\/\/www.pinterest.com\/pin\/create\/button\/?url=https%3A%2F%2Fworldimagingnews.com%2Ffr%2Fmonti-antonio-pigment-calendar-c03rp-1800-for-use-with-coldenhove-paper-introduced%2F&amp;media=https%3A%2F%2Fworldimagingnews.com%2Fwp-content%2Fuploads%2F2024%2F02%2Fqb9j927m-ezgif.com-png-to-webp-converter.webp&amp;description=Monti+Antonio+Pigment+Calendar+C03RP-1800+for+Use+with+Coldenhove+Paper+Introduced\"><i class=\"penci-faicon fa fa-pinterest\" ><\/i><span class=\"dt-share\">Pinterest<\/span><\/a><a class=\"new-ver-share post-share-item post-share-linkedin\" aria-label=\"Partager sur LinkedIn\" target=\"_blank\" rel=\"noreferrer\" href=\"https:\/\/www.linkedin.com\/shareArticle?mini=true&#038;url=https%3A%2F%2Fworldimagingnews.com%2Ffr%2Fmonti-antonio-pigment-calendar-c03rp-1800-for-use-with-coldenhove-paper-introduced%2F&#038;title=Monti%20Antonio%20Pigment%20Calendar%20C03RP-1800%20for%20Use%20with%20Coldenhove%20Paper%20Introduced\"><i class=\"penci-faicon fa fa-linkedin\" ><\/i><span class=\"dt-share\">Linkedin<\/span><\/a><a class=\"new-ver-share post-share-item post-share-tumblr\" aria-label=\"Partager sur Tumblr\" target=\"_blank\" rel=\"noreferrer\" href=\"https:\/\/www.tumblr.com\/share\/link?url=https%3A%2F%2Fworldimagingnews.com%2Ffr%2Fmonti-antonio-pigment-calendar-c03rp-1800-for-use-with-coldenhove-paper-introduced%2F&#038;name=Monti%20Antonio%20Pigment%20Calendar%20C03RP-1800%20for%20Use%20with%20Coldenhove%20Paper%20Introduced\"><i class=\"penci-faicon fa fa-tumblr\" ><\/i><span class=\"dt-share\">Tumblr<\/span><\/a><a class=\"new-ver-share post-share-item post-share-email\" target=\"_blank\" aria-label=\"Partager par e-mail\"  rel=\"noreferrer\" href=\"mailto:?subject=Monti%20Antonio%20Pigment%20Calendar%20C03RP-1800%20for%20Use%20with%20Coldenhove%20Paper%20Introduced&#038;BODY=https:\/\/worldimagingnews.com\/fr\/monti-antonio-pigment-calendar-c03rp-1800-for-use-with-coldenhove-paper-introduced\/\"><i class=\"penci-faicon fa fa-envelope\" ><\/i><span class=\"dt-share\">Courriel<\/span><\/a>                <\/div>\n            <\/div>\n\t\t    <\/article>\n<\/li>\n\n\t\t\t\t\t\t\t\t\t\t\t\t\t\t\t\t\t\t\t\t\t\t\t\t\t\t\t\t<\/ul>\n\t\t\t\t\t\t\t\t\t\t\t\t\t\t\t\t\t\t\t\t\t                        <\/div>\n\n\t\t\t\t\t\t                    <\/div>\n                <\/div>\n\t\t\t            <style>\n                                                                                                                                                                            <\/style>\n\t\t\t\t\t\t\t<\/div>\n\t\t\t\t<\/div>\n\t\t\t\t\t<\/div>\n\t\t\t\t<\/div>\n\t\t\t\t<\/div>","protected":false},"excerpt":{"rendered":"<p>calendriers CalendriersFinitionsImprimantesTexile Mimaki lance une solution d'impression textile par transfert en deux \u00e9tapes, respectueuse de l'environnement, TRAPIS par le personnel 18\/03\/2024 par le personnel 18\/03\/2024 - Le nouveau syst\u00e8me d'impression textile par transfert pigmentaire de Mimaki, baptis\u00e9 TRAPIS,...<\/p>","protected":false},"author":3,"featured_media":0,"parent":0,"menu_order":0,"comment_status":"closed","ping_status":"closed","template":"","meta":{"_lmt_disableupdate":"no","_lmt_disable":"","cybocfi_hide_featured_image":"","footnotes":""},"class_list":["post-19191","page","type-page","status-publish","hentry"],"_links":{"self":[{"href":"https:\/\/worldimagingnews.com\/fr\/wp-json\/wp\/v2\/pages\/19191","targetHints":{"allow":["GET"]}}],"collection":[{"href":"https:\/\/worldimagingnews.com\/fr\/wp-json\/wp\/v2\/pages"}],"about":[{"href":"https:\/\/worldimagingnews.com\/fr\/wp-json\/wp\/v2\/types\/page"}],"author":[{"embeddable":true,"href":"https:\/\/worldimagingnews.com\/fr\/wp-json\/wp\/v2\/users\/3"}],"replies":[{"embeddable":true,"href":"https:\/\/worldimagingnews.com\/fr\/wp-json\/wp\/v2\/comments?post=19191"}],"version-history":[{"count":7,"href":"https:\/\/worldimagingnews.com\/fr\/wp-json\/wp\/v2\/pages\/19191\/revisions"}],"predecessor-version":[{"id":260237,"href":"https:\/\/worldimagingnews.com\/fr\/wp-json\/wp\/v2\/pages\/19191\/revisions\/260237"}],"wp:attachment":[{"href":"https:\/\/worldimagingnews.com\/fr\/wp-json\/wp\/v2\/media?parent=19191"}],"curies":[{"name":"wp","href":"https:\/\/api.w.org\/{rel}","templated":true}]}}